{"id":26,"date":"2015-02-14T21:00:44","date_gmt":"2015-02-14T20:00:44","guid":{"rendered":"http:\/\/wp.xn--paddelclub-berlingen-zec.de\/?page_id=26"},"modified":"2022-06-12T17:06:33","modified_gmt":"2022-06-12T15:06:33","slug":"uebernachten","status":"publish","type":"page","link":"https:\/\/xn--paddelclub-berlingen-zec.de\/?page_id=26","title":{"rendered":"\u00dcbernachten"},"content":{"rendered":"\n<p class=\"has-text-color\" style=\"color:#ec1f22\">Voranmeldung min. 2 Tage vor Anreise erforderlich, Anspruch auf Aufnahme besteht nicht!<br>Unangemeldete \u00dcbernachtungen sind grunds\u00e4tzlich nicht m\u00f6glich!<\/p>\n\n\n<p>Nur Mitglieder des Deutschen Kanuverbands (DKV) sowie des Bodensee-Kanurings (BKR) haben die M\u00f6glichkeit, bei uns auf dem Clubgel\u00e4nde mit dem Zelt zu \u00fcbernachten. Wir sind <strong>kein<\/strong> \u00f6ffentlicher Zeltplatz!<\/p>\n<ul>\n<li>Gezeltet werden kann auf der westlichen Wiese des Clubgel\u00e4ndes<\/li>\n<li>Es d\u00fcrfen keine Gr\u00e4ben o. \u00e4. um die Zelte gezogen werden, die Wiese ist pfleglich zu behandeln<\/li>\n<li>Das Aufstellen von Wohnanh\u00e4ngern oder Wohnmobilen ist nicht gestattet<\/li>\n<li>Die maximale Aufenthaltsdauer betr\u00e4gt eine Woche, Ausnahmen sind in Absprache mit dem Vorstand unter Zustimmung des Platzwartes m\u00f6glich<\/li>\n<li>Die clubeigenen Sanit\u00e4rr\u00e4ume sowie die Teek\u00fcche werden bei Bedarf zur Verf\u00fcgung gestellt und k\u00f6nnen dann genutzt werden (im \u00dcbernachtungspreis inbegriffen)<\/li>\n<li>Das Zeltgel\u00e4nde steht zur Verf\u00fcgung, sofern es nicht f\u00fcr clubeigene Aktivit\u00e4ten ben\u00f6tigt wird, hierf\u00fcr ist die Abstimmung mit dem Platzwart notwendig.<\/li>\n<li>Hunde sind nicht gestattet<\/li>\n<\/ul>\n<p><span style=\"text-decoration: underline;\">Terminanfrage:<br \/><\/span><span style=\"color: #ff0000;\">Voranmeldung min. 2 Tage vor Anreise erforderlich, Anspruch auf Aufnahme besteht nicht!<br \/>Unangemeldete \u00dcbernachtungen sind grunds\u00e4tzlich nicht m\u00f6glich!<\/span><span style=\"text-decoration: underline;\"><br \/>\n<div class=\"wpcf7 no-js\" id=\"wpcf7-f3256-o1\" lang=\"de-DE\" dir=\"ltr\" data-wpcf7-id=\"3256\">\n<div class=\"screen-reader-response\"><p role=\"status\" aria-live=\"polite\" aria-atomic=\"true\"><\/p> <ul><\/ul><\/div>\n<form action=\"\/index.php?rest_route=%2Fwp%2Fv2%2Fpages%2F26#wpcf7-f3256-o1\" method=\"post\" class=\"wpcf7-form init\" aria-label=\"Kontaktformular\" novalidate=\"novalidate\" data-status=\"init\">\n<fieldset class=\"hidden-fields-container\"><input type=\"hidden\" name=\"_wpcf7\" value=\"3256\" \/><input type=\"hidden\" name=\"_wpcf7_version\" value=\"6.1.5\" \/><input type=\"hidden\" name=\"_wpcf7_locale\" value=\"de_DE\" \/><input type=\"hidden\" name=\"_wpcf7_unit_tag\" value=\"wpcf7-f3256-o1\" \/><input type=\"hidden\" name=\"_wpcf7_container_post\" value=\"0\" \/><input type=\"hidden\" name=\"_wpcf7_posted_data_hash\" value=\"\" \/>\n<\/fieldset>\n<p><label> Dein Name (Pflichtfeld)<br \/>\n<span class=\"wpcf7-form-control-wrap\" data-name=\"your-name\"><input size=\"40\" maxlength=\"400\" class=\"wpcf7-form-control wpcf7-text wpcf7-validates-as-required\" aria-required=\"true\" aria-invalid=\"false\" value=\"\" type=\"text\" name=\"your-name\" \/><\/span> <\/label>\n<\/p>\n<p><label> Deine E-Mail-Adresse (Pflichtfeld)<br \/>\n<span class=\"wpcf7-form-control-wrap\" data-name=\"your-email\"><input size=\"40\" maxlength=\"400\" class=\"wpcf7-form-control wpcf7-email wpcf7-validates-as-required wpcf7-text wpcf7-validates-as-email\" aria-required=\"true\" aria-invalid=\"false\" value=\"\" type=\"email\" name=\"your-email\" \/><\/span> <\/label>\n<\/p>\n<p><label> Heimatverein (Pflichtfeld)<br \/>\n<span class=\"wpcf7-form-control-wrap\" data-name=\"text-verein\"><input size=\"40\" maxlength=\"400\" class=\"wpcf7-form-control wpcf7-text wpcf7-validates-as-required\" aria-required=\"true\" aria-invalid=\"false\" value=\"\" type=\"text\" name=\"text-verein\" \/><\/span> <\/label>\n<\/p>\n<p><label> Anreise per Auto oder Wasserweg? (Pflichtfeld)<br \/>\n<span class=\"wpcf7-form-control-wrap\" data-name=\"text-anreisevariante\"><input size=\"40\" maxlength=\"400\" class=\"wpcf7-form-control wpcf7-text wpcf7-validates-as-required\" aria-required=\"true\" aria-invalid=\"false\" value=\"\" type=\"text\" name=\"text-anreisevariante\" \/><\/span> <\/label>\n<\/p>\n<p><label> Anzahl Personen? (Pflichtfeld)<br \/>\n<span class=\"wpcf7-form-control-wrap\" data-name=\"text-anzahlpersonen\"><input size=\"40\" maxlength=\"400\" class=\"wpcf7-form-control wpcf7-text wpcf7-validates-as-required\" aria-required=\"true\" aria-invalid=\"false\" value=\"\" type=\"text\" name=\"text-anzahlpersonen\" \/><\/span> <\/label>\n<\/p>\n<p><label> Anreisedatum (Pflichtfeld)<br \/>\n<span class=\"wpcf7-form-control-wrap\" data-name=\"text-anreise\"><input size=\"40\" maxlength=\"400\" class=\"wpcf7-form-control wpcf7-text wpcf7-validates-as-required\" aria-required=\"true\" aria-invalid=\"false\" value=\"\" type=\"text\" name=\"text-anreise\" \/><\/span> <\/label>\n<\/p>\n<p><label> Abreisedatum (Pflichtfeld)<br \/>\n<span class=\"wpcf7-form-control-wrap\" data-name=\"text-abreise\"><input size=\"40\" maxlength=\"400\" class=\"wpcf7-form-control wpcf7-text wpcf7-validates-as-required\" aria-required=\"true\" aria-invalid=\"false\" value=\"\" type=\"text\" name=\"text-abreise\" \/><\/span> <\/label>\n<\/p>\n<p><label> Sonstiges (Optional)<br \/>\n<span class=\"wpcf7-form-control-wrap\" data-name=\"your-message\"><textarea cols=\"40\" rows=\"10\" maxlength=\"2000\" class=\"wpcf7-form-control wpcf7-textarea\" aria-invalid=\"false\" name=\"your-message\"><\/textarea><\/span> <\/label>\n<\/p>\n<p><span class=\"wpcf7-form-control-wrap\" data-name=\"quiz-70\"><label><span class=\"wpcf7-quiz-label\">2+4=?<\/span> <input size=\"40\" class=\"wpcf7-form-control wpcf7-quiz\" autocomplete=\"off\" aria-required=\"true\" aria-invalid=\"false\" type=\"text\" name=\"quiz-70\" \/><\/label><input type=\"hidden\" name=\"_wpcf7_quiz_answer_quiz-70\" value=\"ad4cefe7644fa2c47a3eefaa62f3b302\" \/><\/span>\n<\/p>\n<p><input class=\"wpcf7-form-control wpcf7-submit has-spinner\" type=\"submit\" value=\"Senden\" \/>\n<\/p><p style=\"display: none !important;\" class=\"akismet-fields-container\" data-prefix=\"_wpcf7_ak_\"><label>&#916;<textarea name=\"_wpcf7_ak_hp_textarea\" cols=\"45\" rows=\"8\" maxlength=\"100\"><\/textarea><\/label><input type=\"hidden\" id=\"ak_js_1\" name=\"_wpcf7_ak_js\" value=\"101\"\/><script>document.getElementById( \"ak_js_1\" ).setAttribute( \"value\", ( new Date() ).getTime() );<\/script><\/p><div class=\"wpcf7-response-output\" aria-hidden=\"true\"><\/div>\n<\/form>\n<\/div>\n<br \/><\/span><del><\/del><\/p>\n<p><span style=\"text-decoration: underline;\">Die Preise:<\/span><br \/>6-14 Jahre:\u00a0\u00a0\u00a0\u00a0\u00a0\u00a0\u00a0\u00a0\u00a0\u00a0\u00a0\u00a0 0,00 \u20ac \/ Nacht<br \/>ab 15 Jahre:\u00a0\u00a0\u00a0\u00a0\u00a0\u00a0\u00a0\u00a0\u00a0\u00a0 5,00 \u20ac \/ Nacht<\/p>\n<p><strong>Mitglieder des BKR \u00fcbernachten die ersten zwei N\u00e4chte gratis.<br \/><\/strong><\/p>\n<p>Im Notfall sind die \u00f6rtlichen Campingpl\u00e4tze aufzusuchen, die auf dem Wasserweg erreichbar sind:<\/p>\n<table width=\"100%\">\n<tbody>\n<tr>\n<td>Campingplatz Nell<br \/>Zur Barbe 5<br \/>88662 \u00dcberlingen<br \/>Tel: 07551 4254<a href=\"https:\/\/paddelclub-ueberlingen.de\/pages\/uebernachten.php\"><br \/><\/a>Online: <a href=\"http:\/\/www.campingplatz-nell.de\" target=\"_blank\" rel=\"noopener noreferrer\">www.campingplatz-nell.de<\/a><\/td>\n<td>Camping Birnau-Maurach<br \/>88690 Uhldingen-M\u00fchlhofen<br \/>Tel: 07556 6699<a href=\"https:\/\/paddelclub-ueberlingen.de\/pages\/uebernachten.php\"><br \/><\/a>Online: <a href=\"http:\/\/www.birnau-maurach.de\" target=\"_blank\" rel=\"noopener noreferrer\">www.birnau-maurach.de<\/a><\/td>\n<\/tr>\n<tr>\n<td>Campingplatz Br\u00e4ndle-K\u00f6hne<br \/>Untermaurach 4<br \/>88662 \u00dcberlingen<br \/>Tel: 07551 4379<a href=\"https:\/\/paddelclub-ueberlingen.de\/pages\/uebernachten.php\"><br \/><\/a>Online: <a href=\"http:\/\/www.untermaurach.de\" target=\"_blank\" rel=\"noopener noreferrer\">www.untermaurach.de<\/a><\/td>\n<td>\u00a0<\/td>\n<\/tr>\n<\/tbody>\n<\/table>\n\n\t\t<style type=\"text\/css\">\n\t\t\t#gallery-1 {\n\t\t\t\tmargin: auto;\n\t\t\t}\n\t\t\t#gallery-1 .gallery-item {\n\t\t\t\tfloat: left;\n\t\t\t\tmargin-top: 10px;\n\t\t\t\ttext-align: center;\n\t\t\t\twidth: 100%;\n\t\t\t}\n\t\t\t#gallery-1 img {\n\t\t\t\tborder: 2px solid #cfcfcf;\n\t\t\t}\n\t\t\t#gallery-1 .gallery-caption {\n\t\t\t\tmargin-left: 0;\n\t\t\t}\n\t\t\t\/* see gallery_shortcode() in wp-includes\/media.php *\/\n\t\t<\/style>\n\t\t<div id='gallery-1' class='gallery galleryid-26 gallery-columns-1 gallery-size-large'><dl class='gallery-item'>\n\t\t\t<dt class='gallery-icon landscape'>\n\t\t\t\t<a href='https:\/\/xn--paddelclub-berlingen-zec.de\/wp-content\/uploads\/2015\/02\/K1024_SAM_0576.jpg'><img loading=\"lazy\" decoding=\"async\" width=\"625\" height=\"469\" src=\"https:\/\/xn--paddelclub-berlingen-zec.de\/wp-content\/uploads\/2015\/02\/K1024_SAM_0576-1024x768.jpg\" class=\"attachment-large size-large\" alt=\"\" aria-describedby=\"gallery-1-1257\" srcset=\"https:\/\/xn--paddelclub-berlingen-zec.de\/wp-content\/uploads\/2015\/02\/K1024_SAM_0576.jpg 1024w, https:\/\/xn--paddelclub-berlingen-zec.de\/wp-content\/uploads\/2015\/02\/K1024_SAM_0576-300x225.jpg 300w, https:\/\/xn--paddelclub-berlingen-zec.de\/wp-content\/uploads\/2015\/02\/K1024_SAM_0576-624x468.jpg 624w\" sizes=\"auto, (max-width: 625px) 100vw, 625px\" \/><\/a>\n\t\t\t<\/dt>\n\t\t\t\t<dd class='wp-caption-text gallery-caption' id='gallery-1-1257'>\n\t\t\t\tBlick auf die Zeltwiese\n\t\t\t\t<\/dd><\/dl><br style=\"clear: both\" \/><dl class='gallery-item'>\n\t\t\t<dt class='gallery-icon portrait'>\n\t\t\t\t<a href='https:\/\/xn--paddelclub-berlingen-zec.de\/wp-content\/uploads\/2015\/02\/K1024_SAM_0584.jpg'><img loading=\"lazy\" decoding=\"async\" width=\"625\" height=\"783\" src=\"https:\/\/xn--paddelclub-berlingen-zec.de\/wp-content\/uploads\/2015\/02\/K1024_SAM_0584.jpg\" class=\"attachment-large size-large\" alt=\"\" aria-describedby=\"gallery-1-1260\" srcset=\"https:\/\/xn--paddelclub-berlingen-zec.de\/wp-content\/uploads\/2015\/02\/K1024_SAM_0584.jpg 666w, https:\/\/xn--paddelclub-berlingen-zec.de\/wp-content\/uploads\/2015\/02\/K1024_SAM_0584-240x300.jpg 240w, https:\/\/xn--paddelclub-berlingen-zec.de\/wp-content\/uploads\/2015\/02\/K1024_SAM_0584-624x781.jpg 624w\" sizes=\"auto, (max-width: 625px) 100vw, 625px\" \/><\/a>\n\t\t\t<\/dt>\n\t\t\t\t<dd class='wp-caption-text gallery-caption' id='gallery-1-1260'>\n\t\t\t\tBlick in die K\u00fcche\n\t\t\t\t<\/dd><\/dl><br style=\"clear: both\" \/>\n\t\t<\/div>\n","protected":false},"excerpt":{"rendered":"<p>Voranmeldung min. 2 Tage vor Anreise erforderlich, Anspruch auf Aufnahme besteht nicht!Unangemeldete \u00dcbernachtungen sind grunds\u00e4tzlich nicht m\u00f6glich! Nur Mitglieder des Deutschen Kanuverbands (DKV) sowie des Bodensee-Kanurings (BKR) haben die M\u00f6glichkeit, bei uns auf dem Clubgel\u00e4nde mit dem Zelt zu \u00fcbernachten. Wir sind kein \u00f6ffentlicher Zeltplatz! Gezeltet werden kann auf der westlichen Wiese des Clubgel\u00e4ndes Es [&hellip;]<\/p>\n","protected":false},"author":1,"featured_media":0,"parent":32,"menu_order":5,"comment_status":"closed","ping_status":"closed","template":"","meta":{"footnotes":""},"class_list":["post-26","page","type-page","status-publish","hentry"],"_links":{"self":[{"href":"https:\/\/xn--paddelclub-berlingen-zec.de\/index.php?rest_route=\/wp\/v2\/pages\/26","targetHints":{"allow":["GET"]}}],"collection":[{"href":"https:\/\/xn--paddelclub-berlingen-zec.de\/index.php?rest_route=\/wp\/v2\/pages"}],"about":[{"href":"https:\/\/xn--paddelclub-berlingen-zec.de\/index.php?rest_route=\/wp\/v2\/types\/page"}],"author":[{"embeddable":true,"href":"https:\/\/xn--paddelclub-berlingen-zec.de\/index.php?rest_route=\/wp\/v2\/users\/1"}],"replies":[{"embeddable":true,"href":"https:\/\/xn--paddelclub-berlingen-zec.de\/index.php?rest_route=%2Fwp%2Fv2%2Fcomments&post=26"}],"version-history":[{"count":34,"href":"https:\/\/xn--paddelclub-berlingen-zec.de\/index.php?rest_route=\/wp\/v2\/pages\/26\/revisions"}],"predecessor-version":[{"id":3266,"href":"https:\/\/xn--paddelclub-berlingen-zec.de\/index.php?rest_route=\/wp\/v2\/pages\/26\/revisions\/3266"}],"up":[{"embeddable":true,"href":"https:\/\/xn--paddelclub-berlingen-zec.de\/index.php?rest_route=\/wp\/v2\/pages\/32"}],"wp:attachment":[{"href":"https:\/\/xn--paddelclub-berlingen-zec.de\/index.php?rest_route=%2Fwp%2Fv2%2Fmedia&parent=26"}],"curies":[{"name":"wp","href":"https:\/\/api.w.org\/{rel}","templated":true}]}}